{"id":2538,"date":"2025-03-08T08:26:59","date_gmt":"2025-03-08T07:26:59","guid":{"rendered":"https:\/\/thequeenshairperruque.fr\/?post_type=product&#038;p=2538"},"modified":"2025-03-08T09:06:09","modified_gmt":"2025-03-08T08:06:09","slug":"fond-de-teint-maybelline-dream-60-caramel","status":"publish","type":"product","link":"https:\/\/thequeenshairperruque.fr\/index.php\/produit\/fond-de-teint-maybelline-dream-60-caramel\/","title":{"rendered":"Fond de teint MAYBELLINE DREAM 60 Caramel"},"content":{"rendered":"<h6>Fond de teint MAYBELLINE DREAM 60 Caramel<\/h6>\n<hr \/>\n<p>Un teint unifi\u00e9, lisse et \u00e9clatant comme du satin.\u00a0Test\u00e9 sous contr\u00f4le dermatologique.\u00a0Sa formule fouett\u00e9e \u00e0 l&rsquo;air qui allie la l\u00e9g\u00e8ret\u00e9 de la mousse et la couvrance sans d\u00e9faut d&rsquo;un fond de teint.\u00a0Sa texture fondante qui \u00e9pouse chaque relief de la peau pour une couvrance sans d\u00e9marcation et sans surcharge.\u00a0Sa texture qui affine le grain de peau pour un teint liss\u00e9 au fini doux et satin\u00e9<\/p>\n<hr \/>\n<p>&nbsp;<\/p>\n","protected":false},"excerpt":{"rendered":"<p>&nbsp;<\/p>\n<p>&nbsp;<\/p>\n<hr \/>\n<p><a href=\"https:\/\/thequeenshairperruque.fr\/wp-content\/uploads\/2023\/12\/GEMEY-MAYBELLINE-700x95-1.png\"><img decoding=\"async\" class=\"alignnone size-medium wp-image-868\" src=\"https:\/\/thequeenshairperruque.fr\/wp-content\/uploads\/2023\/12\/GEMEY-MAYBELLINE-700x95-1-300x41.png\" alt=\"gemey-maybelline\" width=\"300\" height=\"41\" srcset=\"https:\/\/thequeenshairperruque.fr\/wp-content\/uploads\/2023\/12\/GEMEY-MAYBELLINE-700x95-1-300x41.png 300w, https:\/\/thequeenshairperruque.fr\/wp-content\/uploads\/2023\/12\/GEMEY-MAYBELLINE-700x95-1-600x81.png 600w, https:\/\/thequeenshairperruque.fr\/wp-content\/uploads\/2023\/12\/GEMEY-MAYBELLINE-700x95-1.png 700w\" sizes=\"(max-width: 300px) 100vw, 300px\" \/><\/a><\/p>\n<hr \/>\n<h6><strong>Fond de teint DREAM 30ml<\/strong><\/h6>\n<p>n\u00b060 &#8211; Caramel<\/p>\n<hr \/>\n<h6><\/h6>\n<p><strong>Frais de livraison 4.95\u20ac gratuit d\u00e8s 35\u20ac d&rsquo;achat<\/strong><\/p>\n","protected":false},"featured_media":2539,"comment_status":"open","ping_status":"closed","template":"","meta":{"_seopress_robots_primary_cat":"none","_seopress_titles_title":"Fond de teint MAYBELLINE DREAM 60 Caramel","_seopress_titles_desc":"Fond de teint MAYBELLINE DREAM 60 Caramel- D\u00e9couvrez notre vaste gamme de produits. Trouvez votre style en un clic sur notre site!","_seopress_robots_index":"","site-sidebar-layout":"default","site-content-layout":"","ast-site-content-layout":"default","site-content-style":"default","site-sidebar-style":"default","ast-global-header-display":"","ast-banner-title-visibility":"","ast-main-header-display":"","ast-hfb-above-header-display":"","ast-hfb-below-header-display":"","ast-hfb-mobile-header-display":"","site-post-title":"","ast-breadcrumbs-content":"","ast-featured-img":"","footer-sml-layout":"","theme-transparent-header-meta":"default","adv-header-id-meta":"","stick-header-meta":"","header-above-stick-meta":"","header-main-stick-meta":"","header-below-stick-meta":"","astra-migrate-meta-layouts":"set","ast-page-background-enabled":"default","ast-page-background-meta":{"desktop":{"background-color":"var(--ast-global-color-4)","background-image":"","background-repeat":"repeat","background-position":"center center","background-size":"auto","background-attachment":"scroll","background-type":"","background-media":"","overlay-type":"","overlay-color":"","overlay-opacity":"","overlay-gradient":""},"tablet":{"background-color":"","background-image":"","background-repeat":"repeat","background-position":"center center","background-size":"auto","background-attachment":"scroll","background-type":"","background-media":"","overlay-type":"","overlay-color":"","overlay-opacity":"","overlay-gradient":""},"mobile":{"background-color":"","background-image":"","background-repeat":"repeat","background-position":"center center","background-size":"auto","background-attachment":"scroll","background-type":"","background-media":"","overlay-type":"","overlay-color":"","overlay-opacity":"","overlay-gradient":""}},"ast-content-background-meta":{"desktop":{"background-color":"var(--ast-global-color-5)","background-image":"","background-repeat":"repeat","background-position":"center center","background-size":"auto","background-attachment":"scroll","background-type":"","background-media":"","overlay-type":"","overlay-color":"","overlay-opacity":"","overlay-gradient":""},"tablet":{"background-color":"var(--ast-global-color-5)","background-image":"","background-repeat":"repeat","background-position":"center center","background-size":"auto","background-attachment":"scroll","background-type":"","background-media":"","overlay-type":"","overlay-color":"","overlay-opacity":"","overlay-gradient":""},"mobile":{"background-color":"var(--ast-global-color-5)","background-image":"","background-repeat":"repeat","background-position":"center center","background-size":"auto","background-attachment":"scroll","background-type":"","background-media":"","overlay-type":"","overlay-color":"","overlay-opacity":"","overlay-gradient":""}}},"product_brand":[],"product_cat":[62],"product_tag":[],"class_list":{"0":"post-2538","1":"product","2":"type-product","3":"status-publish","4":"has-post-thumbnail","6":"product_cat-maquillage-parfums","7":"desktop-align-left","8":"tablet-align-left","9":"mobile-align-left","11":"first","12":"instock","13":"shipping-taxable","14":"purchasable","15":"product-type-simple"},"jetpack_sharing_enabled":true,"_links":{"self":[{"href":"https:\/\/thequeenshairperruque.fr\/index.php\/wp-json\/wp\/v2\/product\/2538","targetHints":{"allow":["GET"]}}],"collection":[{"href":"https:\/\/thequeenshairperruque.fr\/index.php\/wp-json\/wp\/v2\/product"}],"about":[{"href":"https:\/\/thequeenshairperruque.fr\/index.php\/wp-json\/wp\/v2\/types\/product"}],"replies":[{"embeddable":true,"href":"https:\/\/thequeenshairperruque.fr\/index.php\/wp-json\/wp\/v2\/comments?post=2538"}],"wp:featuredmedia":[{"embeddable":true,"href":"https:\/\/thequeenshairperruque.fr\/index.php\/wp-json\/wp\/v2\/media\/2539"}],"wp:attachment":[{"href":"https:\/\/thequeenshairperruque.fr\/index.php\/wp-json\/wp\/v2\/media?parent=2538"}],"wp:term":[{"taxonomy":"product_brand","embeddable":true,"href":"https:\/\/thequeenshairperruque.fr\/index.php\/wp-json\/wp\/v2\/product_brand?post=2538"},{"taxonomy":"product_cat","embeddable":true,"href":"https:\/\/thequeenshairperruque.fr\/index.php\/wp-json\/wp\/v2\/product_cat?post=2538"},{"taxonomy":"product_tag","embeddable":true,"href":"https:\/\/thequeenshairperruque.fr\/index.php\/wp-json\/wp\/v2\/product_tag?post=2538"}],"curies":[{"name":"wp","href":"https:\/\/api.w.org\/{rel}","templated":true}]}}